{"id":4306,"date":"2021-07-19T15:50:53","date_gmt":"2021-07-19T13:50:53","guid":{"rendered":"http:\/\/www.be-yourself.bz.it\/?page_id=4306"},"modified":"2024-09-20T11:51:00","modified_gmt":"2024-09-20T09:51:00","slug":"resilienza","status":"publish","type":"page","link":"https:\/\/www.be-yourself.bz.it\/it\/resilienza\/","title":{"rendered":"Resilienza"},"content":{"rendered":"\t\t<div data-elementor-type=\"wp-page\" data-elementor-id=\"4306\" class=\"elementor elementor-4306 elementor-3173\" data-elementor-settings=\"[]\">\n\t\t\t\t\t\t\t<div class=\"elementor-section-wrap\">\n\t\t\t\t\t\t\t<section class=\"elementor-section elementor-top-section elementor-element elementor-element-34aaf933 everleigh-about-me-section everleigh-custom-two elementor-section-boxed elementor-section-height-default elementor-section-height-default\" data-id=\"34aaf933\" data-element_type=\"section\">\n\t\t\t\t\t\t<div class=\"elementor-container elementor-column-gap-default\">\n\t\t\t\t\t<div class=\"elementor-column elementor-col-50 elementor-top-column elementor-element elementor-element-45dae1e7 everleigh-about-me-image-column\" data-id=\"45dae1e7\" data-element_type=\"column\">\n\t\t\t<div class=\"elementor-widget-wrap elementor-element-populated\">\n\t\t\t\t\t\t\t\t<div class=\"elementor-element elementor-element-43922b1b everleigh-no-bottom elementor-widget elementor-widget-spacer\" data-id=\"43922b1b\" data-element_type=\"widget\" data-widget_type=\"spacer.default\">\n\t\t\t\t<div class=\"elementor-widget-container\">\n\t\t\t\t\t<div class=\"elementor-spacer\">\n\t\t\t<div class=\"elementor-spacer-inner\"><\/div>\n\t\t<\/div>\n\t\t\t\t<\/div>\n\t\t\t\t<\/div>\n\t\t\t\t<div class=\"elementor-element elementor-element-730a6080 everleigh-no-bottom elementor-invisible elementor-widget elementor-widget-image\" data-id=\"730a6080\" data-element_type=\"widget\" data-settings=\"{&quot;_animation&quot;:&quot;pulse&quot;}\" data-widget_type=\"image.default\">\n\t\t\t\t<div class=\"elementor-widget-container\">\n\t\t\t\t\t\t\t\t\t\t\t\t\t\t\t<img loading=\"lazy\" decoding=\"async\" width=\"2083\" height=\"2083\" src=\"https:\/\/www.be-yourself.bz.it\/wp-content\/uploads\/2021\/07\/by_6_grey_500.jpg\" class=\"attachment-full size-full\" alt=\"\" srcset=\"https:\/\/www.be-yourself.bz.it\/wp-content\/uploads\/2021\/07\/by_6_grey_500.jpg 2083w, https:\/\/www.be-yourself.bz.it\/wp-content\/uploads\/2021\/07\/by_6_grey_500-300x300.jpg 300w, https:\/\/www.be-yourself.bz.it\/wp-content\/uploads\/2021\/07\/by_6_grey_500-1024x1024.jpg 1024w, https:\/\/www.be-yourself.bz.it\/wp-content\/uploads\/2021\/07\/by_6_grey_500-150x150.jpg 150w, https:\/\/www.be-yourself.bz.it\/wp-content\/uploads\/2021\/07\/by_6_grey_500-768x768.jpg 768w, https:\/\/www.be-yourself.bz.it\/wp-content\/uploads\/2021\/07\/by_6_grey_500-1536x1536.jpg 1536w, https:\/\/www.be-yourself.bz.it\/wp-content\/uploads\/2021\/07\/by_6_grey_500-2048x2048.jpg 2048w, https:\/\/www.be-yourself.bz.it\/wp-content\/uploads\/2021\/07\/by_6_grey_500-1200x1200.jpg 1200w, https:\/\/www.be-yourself.bz.it\/wp-content\/uploads\/2021\/07\/by_6_grey_500-1650x1650.jpg 1650w, https:\/\/www.be-yourself.bz.it\/wp-content\/uploads\/2021\/07\/by_6_grey_500-900x900.jpg 900w\" sizes=\"auto, (max-width: 2083px) 100vw, 2083px\" \/>\t\t\t\t\t\t\t\t\t\t\t\t\t\t\t<\/div>\n\t\t\t\t<\/div>\n\t\t\t\t\t<\/div>\n\t\t<\/div>\n\t\t\t\t<div class=\"elementor-column elementor-col-50 elementor-top-column elementor-element elementor-element-31667627 everleigh-about-me-text-column elementor-custom-two\" data-id=\"31667627\" data-element_type=\"column\">\n\t\t\t<div class=\"elementor-widget-wrap elementor-element-populated\">\n\t\t\t\t\t\t\t\t<div class=\"elementor-element elementor-element-48dd41dd everleigh-no-bottom everleigh-custom-headline elementor-widget elementor-widget-html\" data-id=\"48dd41dd\" data-element_type=\"widget\" data-widget_type=\"html.default\">\n\t\t\t\t<div class=\"elementor-widget-container\">\n\t\t\t<h2><span class=\"everleigh-accent\">Resilienza.<\/span> <br>Forza di resistenza per l\u2019anima  <\/h2>\t\t<\/div>\n\t\t\t\t<\/div>\n\t\t\t\t<div class=\"elementor-element elementor-element-7dec40a4 everleigh-no-bottom-p elementor-widget elementor-widget-text-editor\" data-id=\"7dec40a4\" data-element_type=\"widget\" data-widget_type=\"text-editor.default\">\n\t\t\t\t<div class=\"elementor-widget-container\">\n\t\t\t\t\t\t\t\t<p>La parola resilienza deriva dalla fisica \u2013 pi\u00f9 precisamente dalla metallurgia \u2013 e designa la caratteristica di certi materiali di ritornare alla loro forma originaria in seguito a pressione o urto.\u00a0\u00a0 <br \/>Resilienza \u00e8 sinonimo di resistenza e stabilit\u00e0, flessibilit\u00e0 e volont\u00e0 di apprendimento. <br \/>La resilienza \u00e8 dunque la capacit\u00e0 di non farsi abbattere dai colpi del destino, di resistere alle difficolt\u00e0 e di credere fermamente nelle proprie capacit\u00e0.<\/p><p>Essere resilienti significa essere ottimisti, indirizzare il focus sulle risorse anzich\u00e9 sui deficit e intravvedere un senso anche nelle situazioni pi\u00f9 difficili. E implica il fatto che le difficolt\u00e0 non vanno evitate, ma affrontate e rappresentano un\u2019opportunit\u00e0 di maturazione e crescita.<\/p>\t\t\t\t\t\t<\/div>\n\t\t\t\t<\/div>\n\t\t\t\t\t<\/div>\n\t\t<\/div>\n\t\t\t\t\t\t\t<\/div>\n\t\t<\/section>\n\t\t\t\t<section class=\"elementor-section elementor-top-section elementor-element elementor-element-2d178f6a everleigh-custom-intro-section everleigh-custom-two elementor-section-boxed elementor-section-height-default elementor-section-height-default\" data-id=\"2d178f6a\" data-element_type=\"section\">\n\t\t\t\t\t\t<div class=\"elementor-container elementor-column-gap-custom\">\n\t\t\t\t\t<div class=\"elementor-column elementor-col-100 elementor-top-column elementor-element elementor-element-21f9ce76\" data-id=\"21f9ce76\" data-element_type=\"column\">\n\t\t\t<div class=\"elementor-widget-wrap elementor-element-populated\">\n\t\t\t\t\t\t\t\t<div class=\"elementor-element elementor-element-265bf120 everleigh-no-bottom everleigh-custom-headline elementor-widget elementor-widget-html\" data-id=\"265bf120\" data-element_type=\"widget\" data-widget_type=\"html.default\">\n\t\t\t\t<div class=\"elementor-widget-container\">\n\t\t\t<h2>La resilienza \u00e8 l\u2019arma dei vincenti per superare le crisi e cogliere <span class=\"everleigh-accent\">nuove opportunit\u00e0<\/span> uscendone pi\u00f9 forti e determinati.<\/h2>\t\t<\/div>\n\t\t\t\t<\/div>\n\t\t\t\t\t<\/div>\n\t\t<\/div>\n\t\t\t\t\t\t\t<\/div>\n\t\t<\/section>\n\t\t\t\t<section class=\"elementor-section elementor-top-section elementor-element elementor-element-4b161616 everleigh-about-me-section elementor-section-boxed elementor-section-height-default elementor-section-height-default\" data-id=\"4b161616\" data-element_type=\"section\">\n\t\t\t\t\t\t<div class=\"elementor-container elementor-column-gap-no\">\n\t\t\t\t\t<div class=\"elementor-column elementor-col-50 elementor-top-column elementor-element elementor-element-21d2be80 everleigh-about-me-image-column\" data-id=\"21d2be80\" data-element_type=\"column\">\n\t\t\t<div class=\"elementor-widget-wrap elementor-element-populated\">\n\t\t\t\t\t\t\t\t<div class=\"elementor-element elementor-element-76819ee6 everleigh-no-bottom elementor-invisible elementor-widget elementor-widget-image\" data-id=\"76819ee6\" data-element_type=\"widget\" data-settings=\"{&quot;_animation&quot;:&quot;pulse&quot;}\" data-widget_type=\"image.default\">\n\t\t\t\t<div class=\"elementor-widget-container\">\n\t\t\t\t\t\t\t\t\t\t\t\t\t\t\t<img loading=\"lazy\" decoding=\"async\" width=\"2527\" height=\"2560\" src=\"https:\/\/www.be-yourself.bz.it\/wp-content\/uploads\/2024\/09\/ballance2-scaled-1.jpg\" class=\"attachment-full size-full\" alt=\"\" srcset=\"https:\/\/www.be-yourself.bz.it\/wp-content\/uploads\/2024\/09\/ballance2-scaled-1.jpg 2527w, https:\/\/www.be-yourself.bz.it\/wp-content\/uploads\/2024\/09\/ballance2-scaled-1-296x300.jpg 296w, https:\/\/www.be-yourself.bz.it\/wp-content\/uploads\/2024\/09\/ballance2-scaled-1-1011x1024.jpg 1011w, https:\/\/www.be-yourself.bz.it\/wp-content\/uploads\/2024\/09\/ballance2-scaled-1-768x778.jpg 768w, https:\/\/www.be-yourself.bz.it\/wp-content\/uploads\/2024\/09\/ballance2-scaled-1-1516x1536.jpg 1516w, https:\/\/www.be-yourself.bz.it\/wp-content\/uploads\/2024\/09\/ballance2-scaled-1-2022x2048.jpg 2022w, https:\/\/www.be-yourself.bz.it\/wp-content\/uploads\/2024\/09\/ballance2-scaled-1-1200x1216.jpg 1200w, https:\/\/www.be-yourself.bz.it\/wp-content\/uploads\/2024\/09\/ballance2-scaled-1-1650x1672.jpg 1650w, https:\/\/www.be-yourself.bz.it\/wp-content\/uploads\/2024\/09\/ballance2-scaled-1-900x912.jpg 900w\" sizes=\"auto, (max-width: 2527px) 100vw, 2527px\" \/>\t\t\t\t\t\t\t\t\t\t\t\t\t\t\t<\/div>\n\t\t\t\t<\/div>\n\t\t\t\t\t<\/div>\n\t\t<\/div>\n\t\t\t\t<div class=\"elementor-column elementor-col-50 elementor-top-column elementor-element elementor-element-654d75f8 everleigh-about-me-text-column elementor-custom-two\" data-id=\"654d75f8\" data-element_type=\"column\">\n\t\t\t<div class=\"elementor-widget-wrap elementor-element-populated\">\n\t\t\t\t\t\t\t\t<div class=\"elementor-element elementor-element-2a061cca everleigh-no-bottom everleigh-custom-headline elementor-widget elementor-widget-html\" data-id=\"2a061cca\" data-element_type=\"widget\" data-widget_type=\"html.default\">\n\t\t\t\t<div class=\"elementor-widget-container\">\n\t\t\t<h2><span class=\"everleigh-accent\">Self-care.<\/span><br>Prendersi cura di s\u00e9 stessi<\/h2>\t\t<\/div>\n\t\t\t\t<\/div>\n\t\t\t\t<div class=\"elementor-element elementor-element-263eff07 everleigh-no-bottom-p elementor-widget elementor-widget-text-editor\" data-id=\"263eff07\" data-element_type=\"widget\" data-widget_type=\"text-editor.default\">\n\t\t\t\t<div class=\"elementor-widget-container\">\n\t\t\t\t\t\t\t\t<div dir=\"ltr\" data-setdir=\"false\"><p style=\"font-weight: 400;\">Self-care significa prendersi cura della propria salute a livello fisico e mentale e proteggere il proprio benessere. Un concetto che implica molto di pi\u00f9 che concedersi un bagno rilassante o dotarsi di articoli di lusso.<\/p><p style=\"font-weight: 400;\">L\u2019OMS definisce il self-care come la capacit\u00e0 di promuovere e salvaguardare il proprio stato di salute, prevenire malattie e affrontare patologie e disabilit\u00e0. Ed \u00e8 qui che si chiude per me il cerchio verso la resilienza. Perch\u00e9 la nostra resistenza interiore e la capacit\u00e0 di regolare lo stress dipendono fortemente dal nostro stato di salute generale. Uno stato che non pu\u00f2 certo essere buono se continuiamo a ignorare i nostri bisogni.\u00a0<\/p><p style=\"font-weight: 400;\">Prendersi cura di s\u00e9 stessi non dovrebbe essere una cosa che vogliamo o dobbiamo per forza integrare nel nostro quotidiano. Non si tratta di diventare sempre pi\u00f9 bravi, pi\u00f9 efficienti, pi\u00f9 belli. E non c\u2019entra neanche il fatto di pensare solo a s\u00e9 stessi. Self-care significa porre i propri bisogni sullo stesso piano di quelli degli altri e considerarli altrettanto importanti.<\/p><\/div><p>\u00a0<\/p>\t\t\t\t\t\t<\/div>\n\t\t\t\t<\/div>\n\t\t\t\t\t<\/div>\n\t\t<\/div>\n\t\t\t\t\t\t\t<\/div>\n\t\t<\/section>\n\t\t\t\t<section class=\"elementor-section elementor-top-section elementor-element elementor-element-5cee90fb everleigh-about-me-section everleigh-custom-two elementor-section-height-min-height elementor-section-boxed elementor-section-height-default elementor-section-items-middle\" data-id=\"5cee90fb\" data-element_type=\"section\">\n\t\t\t\t\t\t<div class=\"elementor-container elementor-column-gap-no\">\n\t\t\t\t\t<div class=\"elementor-column elementor-col-50 elementor-top-column elementor-element elementor-element-3fec7321 everleigh-about-me-image-column\" data-id=\"3fec7321\" data-element_type=\"column\">\n\t\t\t<div class=\"elementor-widget-wrap elementor-element-populated\">\n\t\t\t\t\t\t\t\t<div class=\"elementor-element elementor-element-440faf5c everleigh-no-bottom elementor-invisible elementor-widget elementor-widget-image\" data-id=\"440faf5c\" data-element_type=\"widget\" data-settings=\"{&quot;_animation&quot;:&quot;pulse&quot;}\" data-widget_type=\"image.default\">\n\t\t\t\t<div class=\"elementor-widget-container\">\n\t\t\t\t\t\t\t\t\t\t\t\t\t\t\t<img decoding=\"async\" src=\"https:\/\/www.be-yourself.bz.it\/wp-content\/uploads\/elementor\/thumbs\/1-transparent-gr-Kopie-qudpyj0c5nsqttaru7aor8077obtcw1dxqym4v0ltc.png\" title=\"1-transparent-gr-Kopie\" alt=\"1-transparent-gr-Kopie\" \/>\t\t\t\t\t\t\t\t\t\t\t\t\t\t\t<\/div>\n\t\t\t\t<\/div>\n\t\t\t\t\t<\/div>\n\t\t<\/div>\n\t\t\t\t<div class=\"elementor-column elementor-col-50 elementor-top-column elementor-element elementor-element-20f8d149 everleigh-about-me-text-column elementor-custom-two\" data-id=\"20f8d149\" data-element_type=\"column\">\n\t\t\t<div class=\"elementor-widget-wrap elementor-element-populated\">\n\t\t\t\t\t\t\t\t<div class=\"elementor-element elementor-element-3f7adce6 everleigh-no-bottom everleigh-custom-headline elementor-widget elementor-widget-html\" data-id=\"3f7adce6\" data-element_type=\"widget\" data-widget_type=\"html.default\">\n\t\t\t\t<div class=\"elementor-widget-container\">\n\t\t\t<h2><span class=\"everleigh-accent\">Rafforzare la salute mentale.<\/span> Resistenza per l\u2019anima <\/h2>\t\t<\/div>\n\t\t\t\t<\/div>\n\t\t\t\t<div class=\"elementor-element elementor-element-3dc190d4 everleigh-no-bottom-p elementor-widget elementor-widget-text-editor\" data-id=\"3dc190d4\" data-element_type=\"widget\" data-widget_type=\"text-editor.default\">\n\t\t\t\t<div class=\"elementor-widget-container\">\n\t\t\t\t\t\t\t\t<p style=\"font-weight: 400;\">In tempi di incertezza e grandi cambiamenti \u00e8 fondamentale essere dotati di forza interiore. Alla base ci vuole una buona salute mentale \u2013 la quale deve essere presa in considerazione e curata allo stesso modo della salute fisica. Un approccio scientificamente provato e molto efficace per prevenire patologie psichiche \u00e8 la Psicologia Positiva, che analizza i fattori che portano gli individui, le organizzazioni e le societ\u00e0 a svilupparsi nel miglior modo possibile. La Psicologia Positiva \u00e8 la scienza della vita condotta con successo. A differenza della psicologia clinica volta ad analizzare carenze e deficit, la Psicologia Positiva privilegia gli aspetti positivi della condizione umana, focalizzandosi sulla felicit\u00e0, sull\u2019ottimismo, sulla fiducia, sui punti di forza individuali, sul perdono e anche sulla solidariet\u00e0.\u00a0\u00a0<\/p><p style=\"font-weight: 400;\">Con tanti esercizi preziosi ed efficaci lavoreremo sui tuoi valori e punti di forza, affinch\u00e9 le emozioni positive guadagnino un posto di prim\u2019ordine nella tua vita. Daremo uno sguardo alle tue competenze sociali, per innescare e portare avanti un cambiamento.<\/p>\t\t\t\t\t\t<\/div>\n\t\t\t\t<\/div>\n\t\t\t\t\t<\/div>\n\t\t<\/div>\n\t\t\t\t\t\t\t<\/div>\n\t\t<\/section>\n\t\t\t\t<section class=\"elementor-section elementor-top-section elementor-element elementor-element-6bdc8302 everleigh-about-me-section elementor-section-boxed elementor-section-height-default elementor-section-height-default\" data-id=\"6bdc8302\" data-element_type=\"section\">\n\t\t\t\t\t\t<div class=\"elementor-container elementor-column-gap-no\">\n\t\t\t\t\t<div class=\"elementor-column elementor-col-50 elementor-top-column elementor-element elementor-element-18adc9b0 everleigh-about-me-image-column\" data-id=\"18adc9b0\" data-element_type=\"column\">\n\t\t\t<div class=\"elementor-widget-wrap elementor-element-populated\">\n\t\t\t\t\t\t\t\t<div class=\"elementor-element elementor-element-4d3a40d9 everleigh-no-bottom elementor-invisible elementor-widget elementor-widget-image\" data-id=\"4d3a40d9\" data-element_type=\"widget\" data-settings=\"{&quot;_animation&quot;:&quot;pulse&quot;}\" data-widget_type=\"image.default\">\n\t\t\t\t<div class=\"elementor-widget-container\">\n\t\t\t\t\t\t\t\t\t\t\t\t\t\t\t<img loading=\"lazy\" decoding=\"async\" width=\"2500\" height=\"2392\" src=\"https:\/\/www.be-yourself.bz.it\/wp-content\/uploads\/2021\/08\/priscilla_sw-sonne-1.jpg\" class=\"attachment-full size-full\" alt=\"\" srcset=\"https:\/\/www.be-yourself.bz.it\/wp-content\/uploads\/2021\/08\/priscilla_sw-sonne-1.jpg 2500w, https:\/\/www.be-yourself.bz.it\/wp-content\/uploads\/2021\/08\/priscilla_sw-sonne-1-300x287.jpg 300w, https:\/\/www.be-yourself.bz.it\/wp-content\/uploads\/2021\/08\/priscilla_sw-sonne-1-1024x980.jpg 1024w, https:\/\/www.be-yourself.bz.it\/wp-content\/uploads\/2021\/08\/priscilla_sw-sonne-1-768x735.jpg 768w, https:\/\/www.be-yourself.bz.it\/wp-content\/uploads\/2021\/08\/priscilla_sw-sonne-1-1536x1470.jpg 1536w, https:\/\/www.be-yourself.bz.it\/wp-content\/uploads\/2021\/08\/priscilla_sw-sonne-1-2048x1960.jpg 2048w, https:\/\/www.be-yourself.bz.it\/wp-content\/uploads\/2021\/08\/priscilla_sw-sonne-1-1200x1148.jpg 1200w, https:\/\/www.be-yourself.bz.it\/wp-content\/uploads\/2021\/08\/priscilla_sw-sonne-1-1650x1579.jpg 1650w, https:\/\/www.be-yourself.bz.it\/wp-content\/uploads\/2021\/08\/priscilla_sw-sonne-1-900x861.jpg 900w\" sizes=\"auto, (max-width: 2500px) 100vw, 2500px\" \/>\t\t\t\t\t\t\t\t\t\t\t\t\t\t\t<\/div>\n\t\t\t\t<\/div>\n\t\t\t\t\t<\/div>\n\t\t<\/div>\n\t\t\t\t<div class=\"elementor-column elementor-col-50 elementor-top-column elementor-element elementor-element-39544e79 everleigh-about-me-text-column elementor-custom-two\" data-id=\"39544e79\" data-element_type=\"column\">\n\t\t\t<div class=\"elementor-widget-wrap elementor-element-populated\">\n\t\t\t\t\t\t\t\t<div class=\"elementor-element elementor-element-27b3224 everleigh-no-bottom everleigh-custom-headline elementor-widget elementor-widget-html\" data-id=\"27b3224\" data-element_type=\"widget\" data-widget_type=\"html.default\">\n\t\t\t\t<div class=\"elementor-widget-container\">\n\t\t\t<h2><span class=\"everleigh-accent\">Consulenza Gestalt<\/span><br>La Terapia della Gestalt nel qui e ora<\/h2>\t\t<\/div>\n\t\t\t\t<\/div>\n\t\t\t\t<div class=\"elementor-element elementor-element-43dbcab8 everleigh-no-bottom-p elementor-widget elementor-widget-text-editor\" data-id=\"43dbcab8\" data-element_type=\"widget\" data-widget_type=\"text-editor.default\">\n\t\t\t\t<div class=\"elementor-widget-container\">\n\t\t\t\t\t\t\t\t<div dir=\"ltr\" data-setdir=\"false\"><div><p><span lang=\"IT\">La Terapia della Gestalt \u00e8 una forma di psicoterapia umanistica, centrata sull\u2019esperienza, che favorisce sia la consapevolezza di ci\u00f2 che si vive nel qui e ora sia le percezioni corporee, la gioia di vivere e la competenza creativa. \u00c8 un metodo che corrisponde ad un approccio orientato alle risorse e alle soluzioni piuttosto che ai disturbi e alle malattie. Il termine tedesco <i>Gestalt<\/i> \u2013 \u201cforma\u201d in italiano \u2013 si riferisce al dare forma a un insieme completo e dotato di senso.<\/span><\/p><p>La Terapia della Gestalt parte dal presupposto che l\u2019uomo sia sottoposto ad un processo di crescita continuo e si basa sulle sue potenzialit\u00e0 e motivazioni interiori \u2013 rappresenta dunque l\u2019integrazione perfetta per il mio lavoro. L\u2019uomo viene visto come individuo con una storia di vita personale nonch\u00e9 nell\u2019interazione con il suo ambiente e le condizioni sociali che fanno da sfondo alla sua situazione attuale. \u00c8 nel presente che vengono affrontate domande, richieste e situazioni irrisolte per riportare l\u2019organismo bloccato nuovamente in contatto con il flusso di energia vitale e l\u2019interazione con l\u2019ambiente attuale. \u00a0\u00a0<\/p><\/div><\/div>\t\t\t\t\t\t<\/div>\n\t\t\t\t<\/div>\n\t\t\t\t\t<\/div>\n\t\t<\/div>\n\t\t\t\t\t\t\t<\/div>\n\t\t<\/section>\n\t\t\t\t<section class=\"elementor-section elementor-top-section elementor-element elementor-element-11d4a655 everleigh-about-me-section everleigh-custom-two elementor-section-height-min-height elementor-section-boxed elementor-section-height-default elementor-section-items-middle\" data-id=\"11d4a655\" data-element_type=\"section\">\n\t\t\t\t\t\t<div class=\"elementor-container elementor-column-gap-no\">\n\t\t\t\t\t<div class=\"elementor-column elementor-col-50 elementor-top-column elementor-element elementor-element-5d9f8123 everleigh-about-me-image-column\" data-id=\"5d9f8123\" data-element_type=\"column\">\n\t\t\t<div class=\"elementor-widget-wrap elementor-element-populated\">\n\t\t\t\t\t\t\t\t<div class=\"elementor-element elementor-element-1df8a2e1 everleigh-no-bottom elementor-invisible elementor-widget elementor-widget-image\" data-id=\"1df8a2e1\" data-element_type=\"widget\" data-settings=\"{&quot;_animation&quot;:&quot;pulse&quot;}\" data-widget_type=\"image.default\">\n\t\t\t\t<div class=\"elementor-widget-container\">\n\t\t\t\t\t\t\t\t\t\t\t\t\t\t\t<img decoding=\"async\" src=\"https:\/\/www.be-yourself.bz.it\/wp-content\/uploads\/elementor\/thumbs\/by_kompass_grey-pacjezg8ot1an0g4bcjmkvf86tv9uxodf6wmxclsio.jpg\" title=\"by_kompass_grey\" alt=\"by_kompass_grey\" \/>\t\t\t\t\t\t\t\t\t\t\t\t\t\t\t<\/div>\n\t\t\t\t<\/div>\n\t\t\t\t\t<\/div>\n\t\t<\/div>\n\t\t\t\t<div class=\"elementor-column elementor-col-50 elementor-top-column elementor-element elementor-element-499ae8e3 everleigh-about-me-text-column elementor-custom-two\" data-id=\"499ae8e3\" data-element_type=\"column\">\n\t\t\t<div class=\"elementor-widget-wrap elementor-element-populated\">\n\t\t\t\t\t\t\t\t<div class=\"elementor-element elementor-element-1a62d3e1 everleigh-no-bottom everleigh-custom-headline elementor-widget elementor-widget-html\" data-id=\"1a62d3e1\" data-element_type=\"widget\" data-widget_type=\"html.default\">\n\t\t\t\t<div class=\"elementor-widget-container\">\n\t\t\t<h2><span class=\"everleigh-accent\">Nuovi stili di leadership<\/span><br>Nuove competenze per dirigenti e manager consapevoli <\/h2>\t\t<\/div>\n\t\t\t\t<\/div>\n\t\t\t\t<div class=\"elementor-element elementor-element-57f741ab everleigh-no-bottom-p elementor-widget elementor-widget-text-editor\" data-id=\"57f741ab\" data-element_type=\"widget\" data-widget_type=\"text-editor.default\">\n\t\t\t\t<div class=\"elementor-widget-container\">\n\t\t\t\t\t\t\t\t<p style=\"font-weight: 400;\">Negli ultimi anni mi sono occupata molto dei nuovi stili di leadership e delle competenze necessarie a guidare un team. Un tema di grande attualit\u00e0, come ho potuto constatare nelle diverse aziende che ho seguito in questi anni. Spesso ho avvertito in tale contesto un senso di sfiducia e impotenza. I vecchi metodi di leadership \u2013 che hanno funzionato bene per decenni \u2013 ora non funzionano pi\u00f9. Tanto meno con la nuova generazione Z! La mia domanda \u00e8 ed \u00e8 sempre stata la stessa: quali competenze ci vogliono per stabilire una comunicazione efficace, aperta e soprattutto chiara?\u00a0\u00a0<\/p><p><span style=\"font-weight: 400;\">Quando di parla di competenze di leadership, mi considero per i miei clienti innanzitutto una sparring partner. Nuovi approcci di self-leadership, apprezzamento, ma anche autoriflessione e autenticit\u00e0 sono gli aspetti che accompagnano il mio lavoro in questo campo.<\/span><\/p>\t\t\t\t\t\t<\/div>\n\t\t\t\t<\/div>\n\t\t\t\t\t<\/div>\n\t\t<\/div>\n\t\t\t\t\t\t\t<\/div>\n\t\t<\/section>\n\t\t\t\t<section class=\"elementor-section elementor-top-section elementor-element elementor-element-2b2ca7c3 everleigh-custom-blog-section everleigh-custom-four elementor-section-boxed elementor-section-height-default elementor-section-height-default\" data-id=\"2b2ca7c3\" data-element_type=\"section\">\n\t\t\t\t\t\t<div class=\"elementor-container elementor-column-gap-default\">\n\t\t\t\t\t<div class=\"elementor-column elementor-col-100 elementor-top-column elementor-element elementor-element-6c03b785\" data-id=\"6c03b785\" data-element_type=\"column\">\n\t\t\t<div class=\"elementor-widget-wrap elementor-element-populated\">\n\t\t\t\t\t\t\t\t<div class=\"elementor-element elementor-element-3ad875d elementor-widget elementor-widget-spacer\" data-id=\"3ad875d\" data-element_type=\"widget\" data-widget_type=\"spacer.default\">\n\t\t\t\t<div class=\"elementor-widget-container\">\n\t\t\t\t\t<div class=\"elementor-spacer\">\n\t\t\t<div class=\"elementor-spacer-inner\"><\/div>\n\t\t<\/div>\n\t\t\t\t<\/div>\n\t\t\t\t<\/div>\n\t\t\t\t<div class=\"elementor-element elementor-element-2dc254cc everleigh-no-bottom everleigh-custom-headline elementor-widget elementor-widget-html\" data-id=\"2dc254cc\" data-element_type=\"widget\" data-widget_type=\"html.default\">\n\t\t\t\t<div class=\"elementor-widget-container\">\n\t\t\t<h2>Ulteriori <span class=\"everleigh-accent\">impulsi e ispirazioni<\/span><\/span><\/h2>\t\t<\/div>\n\t\t\t\t<\/div>\n\t\t\t\t<div class=\"elementor-element elementor-element-4621dfd0 elementor-widget elementor-widget-wp-widget-everleigh_elementor_posts_widget\" data-id=\"4621dfd0\" data-element_type=\"widget\" data-widget_type=\"wp-widget-everleigh_elementor_posts_widget.default\">\n\t\t\t\t<div class=\"elementor-widget-container\">\n\t\t\t\n\t\t<div class=\"everleigh-full-width\">\t\n\n\t\t\t\t\n<article id=\"post-4244\" class=\"everleigh-gallery-item  post-4244 post type-post status-publish format-standard has-post-thumbnail hentry category-impulsi-ispirazioni\">\n\n\t\t\t<div class=\"everleigh-gal-img-container\">\n\t\t\t<a href=\"https:\/\/www.be-yourself.bz.it\/it\/2021\/07\/19\/cogliere-le-piccole-gioie\/\">\n\t\t\t\t<div class=\"everleigh-gallery-post-img\" style=\"background-image:url(https:\/\/www.be-yourself.bz.it\/wp-content\/uploads\/2021\/07\/trac-vu_sw-1200x1200.jpg)\"><\/div>\n\t\t\t<\/a>\n\t\t<\/div>\t\n\t\t\t\n\t<h2 class=\"entry-title\"><a href=\"https:\/\/www.be-yourself.bz.it\/it\/2021\/07\/19\/cogliere-le-piccole-gioie\/\">Cogliere le piccole gioie<\/a><\/h2>\n\n\t\n\n<\/article>\t\n\n\n<article id=\"post-4219\" class=\"everleigh-gallery-item  post-4219 post type-post status-publish format-standard has-post-thumbnail hentry category-impulsi-ispirazioni\">\n\n\t\t\t<div class=\"everleigh-gal-img-container\">\n\t\t\t<a href=\"https:\/\/www.be-yourself.bz.it\/it\/2021\/07\/19\/consapevolezza-olistica\/\">\n\t\t\t\t<div class=\"everleigh-gallery-post-img\" style=\"background-image:url(https:\/\/www.be-yourself.bz.it\/wp-content\/uploads\/2021\/07\/by_kompass_grey-1200x1200.jpg)\"><\/div>\n\t\t\t<\/a>\n\t\t<\/div>\t\n\t\t\t\n\t<h2 class=\"entry-title\"><a href=\"https:\/\/www.be-yourself.bz.it\/it\/2021\/07\/19\/consapevolezza-olistica\/\">Consapevolezza olistica<\/a><\/h2>\n\n\t\n\n<\/article>\t\n\n\n<article id=\"post-4142\" class=\"everleigh-gallery-item  post-4142 post type-post status-publish format-standard has-post-thumbnail hentry category-impulsi-ispirazioni\">\n\n\t\t\t<div class=\"everleigh-gal-img-container\">\n\t\t\t<a href=\"https:\/\/www.be-yourself.bz.it\/it\/2021\/07\/19\/ricaricare-le-riserve-di-energia\/\">\n\t\t\t\t<div class=\"everleigh-gallery-post-img\" style=\"background-image:url(https:\/\/www.be-yourself.bz.it\/wp-content\/uploads\/2021\/07\/fuu_sw-1200x1084.jpg)\"><\/div>\n\t\t\t<\/a>\n\t\t<\/div>\t\n\t\t\t\n\t<h2 class=\"entry-title\"><a href=\"https:\/\/www.be-yourself.bz.it\/it\/2021\/07\/19\/ricaricare-le-riserve-di-energia\/\">Ricaricare le riserve di energia<\/a><\/h2>\n\n\t\n\n<\/article>\t\n\n\t\t\n\t\t<\/div> \t \n\t\t\n\t\t\t\t<\/div>\n\t\t\t\t<\/div>\n\t\t\t\t\t<\/div>\n\t\t<\/div>\n\t\t\t\t\t\t\t<\/div>\n\t\t<\/section>\n\t\t\t\t<section class=\"elementor-section elementor-top-section elementor-element elementor-element-756dcfb0 everleigh-custom-blog-section everleigh-custom-four elementor-section-boxed elementor-section-height-default elementor-section-height-default\" data-id=\"756dcfb0\" data-element_type=\"section\">\n\t\t\t\t\t\t<div class=\"elementor-container elementor-column-gap-default\">\n\t\t\t\t\t<div class=\"elementor-column elementor-col-100 elementor-top-column elementor-element elementor-element-12ec8b0d\" data-id=\"12ec8b0d\" data-element_type=\"column\">\n\t\t\t<div class=\"elementor-widget-wrap elementor-element-populated\">\n\t\t\t\t\t\t\t\t<div class=\"elementor-element elementor-element-3c5992d9 elementor-widget elementor-widget-spacer\" data-id=\"3c5992d9\" data-element_type=\"widget\" data-widget_type=\"spacer.default\">\n\t\t\t\t<div class=\"elementor-widget-container\">\n\t\t\t\t\t<div class=\"elementor-spacer\">\n\t\t\t<div class=\"elementor-spacer-inner\"><\/div>\n\t\t<\/div>\n\t\t\t\t<\/div>\n\t\t\t\t<\/div>\n\t\t\t\t<div class=\"elementor-element elementor-element-5b19125d everleigh-no-bottom everleigh-custom-headline elementor-widget elementor-widget-html\" data-id=\"5b19125d\" data-element_type=\"widget\" data-widget_type=\"html.default\">\n\t\t\t\t<div class=\"elementor-widget-container\">\n\t\t\t<h2><span class=\"everleigh-accent\">Impulsi e ispirazioni<\/span> per una vita resiliente<\/h2>\t\t<\/div>\n\t\t\t\t<\/div>\n\t\t\t\t<div class=\"elementor-element elementor-element-8cea0f7 elementor-widget elementor-widget-wp-widget-everleigh_elementor_posts_widget\" data-id=\"8cea0f7\" data-element_type=\"widget\" data-widget_type=\"wp-widget-everleigh_elementor_posts_widget.default\">\n\t\t\t\t<div class=\"elementor-widget-container\">\n\t\t\t\n\t\t<div class=\"everleigh-full-width\">\t\n\n\t\t\t\t\n<article id=\"post-4244\" class=\"everleigh-gallery-item  post-4244 post type-post status-publish format-standard has-post-thumbnail hentry category-impulsi-ispirazioni\">\n\n\t\t\t<div class=\"everleigh-gal-img-container\">\n\t\t\t<a href=\"https:\/\/www.be-yourself.bz.it\/it\/2021\/07\/19\/cogliere-le-piccole-gioie\/\">\n\t\t\t\t<div class=\"everleigh-gallery-post-img\" style=\"background-image:url(https:\/\/www.be-yourself.bz.it\/wp-content\/uploads\/2021\/07\/trac-vu_sw-1200x1200.jpg)\"><\/div>\n\t\t\t<\/a>\n\t\t<\/div>\t\n\t\t\t\n\t<h2 class=\"entry-title\"><a href=\"https:\/\/www.be-yourself.bz.it\/it\/2021\/07\/19\/cogliere-le-piccole-gioie\/\">Cogliere le piccole gioie<\/a><\/h2>\n\n\t\n\n<\/article>\t\n\n\n<article id=\"post-4219\" class=\"everleigh-gallery-item  post-4219 post type-post status-publish format-standard has-post-thumbnail hentry category-impulsi-ispirazioni\">\n\n\t\t\t<div class=\"everleigh-gal-img-container\">\n\t\t\t<a href=\"https:\/\/www.be-yourself.bz.it\/it\/2021\/07\/19\/consapevolezza-olistica\/\">\n\t\t\t\t<div class=\"everleigh-gallery-post-img\" style=\"background-image:url(https:\/\/www.be-yourself.bz.it\/wp-content\/uploads\/2021\/07\/by_kompass_grey-1200x1200.jpg)\"><\/div>\n\t\t\t<\/a>\n\t\t<\/div>\t\n\t\t\t\n\t<h2 class=\"entry-title\"><a href=\"https:\/\/www.be-yourself.bz.it\/it\/2021\/07\/19\/consapevolezza-olistica\/\">Consapevolezza olistica<\/a><\/h2>\n\n\t\n\n<\/article>\t\n\n\n<article id=\"post-4142\" class=\"everleigh-gallery-item  post-4142 post type-post status-publish format-standard has-post-thumbnail hentry category-impulsi-ispirazioni\">\n\n\t\t\t<div class=\"everleigh-gal-img-container\">\n\t\t\t<a href=\"https:\/\/www.be-yourself.bz.it\/it\/2021\/07\/19\/ricaricare-le-riserve-di-energia\/\">\n\t\t\t\t<div class=\"everleigh-gallery-post-img\" style=\"background-image:url(https:\/\/www.be-yourself.bz.it\/wp-content\/uploads\/2021\/07\/fuu_sw-1200x1084.jpg)\"><\/div>\n\t\t\t<\/a>\n\t\t<\/div>\t\n\t\t\t\n\t<h2 class=\"entry-title\"><a href=\"https:\/\/www.be-yourself.bz.it\/it\/2021\/07\/19\/ricaricare-le-riserve-di-energia\/\">Ricaricare le riserve di energia<\/a><\/h2>\n\n\t\n\n<\/article>\t\n\n\t\t\n\t\t<\/div> \t \n\t\t\n\t\t\t\t<\/div>\n\t\t\t\t<\/div>\n\t\t\t\t\t<\/div>\n\t\t<\/div>\n\t\t\t\t\t\t\t<\/div>\n\t\t<\/section>\n\t\t\t\t<section class=\"elementor-section elementor-top-section elementor-element elementor-element-6859e534 elementor-section-boxed elementor-section-height-default elementor-section-height-default\" data-id=\"6859e534\" data-element_type=\"section\">\n\t\t\t\t\t\t<div class=\"elementor-container elementor-column-gap-default\">\n\t\t\t\t\t<div class=\"elementor-column elementor-col-100 elementor-top-column elementor-element elementor-element-4961ac02\" data-id=\"4961ac02\" data-element_type=\"column\">\n\t\t\t<div class=\"elementor-widget-wrap elementor-element-populated\">\n\t\t\t\t\t\t\t\t<div class=\"elementor-element elementor-element-7ae45cb4 everleigh-no-bottom-p elementor-widget elementor-widget-text-editor\" data-id=\"7ae45cb4\" data-element_type=\"widget\" data-widget_type=\"text-editor.default\">\n\t\t\t\t<div class=\"elementor-widget-container\">\n\t\t\t\t\t\t\t\t<div><span lang=\"IT\">I workshop, le sedute e gli esercizi di consapevolezza e resilienza si basano sugli insegnamenti dell\u2019accademia tedesca <\/span><a href=\"https:\/\/hbt-akademie.de\" target=\"_blank\" rel=\"noopener\">HBT Akademie<\/a>, Ringsee.<\/div>\t\t\t\t\t\t<\/div>\n\t\t\t\t<\/div>\n\t\t\t\t\t<\/div>\n\t\t<\/div>\n\t\t\t\t\t\t\t<\/div>\n\t\t<\/section>\n\t\t\t\t\t\t<\/div>\n\t\t\t\t\t<\/div>\n\t\t","protected":false},"excerpt":{"rendered":"<p>Resilienza. Forza di resistenza per l\u2019anima La parola resilienza deriva dalla fisica \u2013 pi\u00f9 precisamente dalla metallurgia \u2013 e designa la caratteristica di certi materiali di ritornare alla loro forma originaria in seguito a pressione o urto.\u00a0\u00a0 Resilienza \u00e8 sinonimo di resistenza e stabilit\u00e0, flessibilit\u00e0 e volont\u00e0 di apprendimento. La resilienza \u00e8 dunque la capacit\u00e0 [&hellip;]<\/p>\n","protected":false},"author":1,"featured_media":0,"parent":0,"menu_order":2,"comment_status":"closed","ping_status":"closed","template":"","meta":{"footnotes":""},"class_list":["post-4306","page","type-page","status-publish","hentry"],"aioseo_notices":[],"_links":{"self":[{"href":"https:\/\/www.be-yourself.bz.it\/it\/wp-json\/wp\/v2\/pages\/4306","targetHints":{"allow":["GET"]}}],"collection":[{"href":"https:\/\/www.be-yourself.bz.it\/it\/wp-json\/wp\/v2\/pages"}],"about":[{"href":"https:\/\/www.be-yourself.bz.it\/it\/wp-json\/wp\/v2\/types\/page"}],"author":[{"embeddable":true,"href":"https:\/\/www.be-yourself.bz.it\/it\/wp-json\/wp\/v2\/users\/1"}],"replies":[{"embeddable":true,"href":"https:\/\/www.be-yourself.bz.it\/it\/wp-json\/wp\/v2\/comments?post=4306"}],"version-history":[{"count":44,"href":"https:\/\/www.be-yourself.bz.it\/it\/wp-json\/wp\/v2\/pages\/4306\/revisions"}],"predecessor-version":[{"id":5762,"href":"https:\/\/www.be-yourself.bz.it\/it\/wp-json\/wp\/v2\/pages\/4306\/revisions\/5762"}],"wp:attachment":[{"href":"https:\/\/www.be-yourself.bz.it\/it\/wp-json\/wp\/v2\/media?parent=4306"}],"curies":[{"name":"wp","href":"https:\/\/api.w.org\/{rel}","templated":true}]}}